{"id":1542,"date":"2026-01-06T11:15:49","date_gmt":"2026-01-06T10:15:49","guid":{"rendered":"https:\/\/creasens.be\/?post_type=product&#038;p=1542"},"modified":"2026-03-30T09:05:16","modified_gmt":"2026-03-30T07:05:16","slug":"stage-creakids-primaire-2eme-semaine-carnaval-fr","status":"publish","type":"product","link":"https:\/\/creasens.be\/index.php\/produit\/stage-creakids-primaire-2eme-semaine-carnaval-fr\/","title":{"rendered":"Stage CREAKIDS &#8211; PRIMAIRE &#8211; 13,14,15,16,17 avril 2026"},"content":{"rendered":"<p><strong>Offrez \u00e0 vos enfants une exp\u00e9rience unique avec un stage cr\u00e9atif sp\u00e9cialement con\u00e7u pour les enfants<\/strong><\/p>\n<p>Pendant cinq jours, vos enfants, qu\u2019ils soient filles ou gar\u00e7ons, auront l\u2019occasion de s\u2019exprimer librement \u00e0 travers la cr\u00e9ation de leur propre journal intime, mais d\u2019une mani\u00e8re totalement innovante et cr\u00e9ative. Vanja les guide pour explorer leurs \u00e9motions, \u00e9crire sur leurs difficult\u00e9s, leurs joies, leurs amiti\u00e9s, ou encore leurs histoires de mani\u00e8re intime et confidentielle.<\/p>\n<p>Nous utiliserons des techniques artistiques qui leur permettront de se d\u00e9fouler tout en s\u2019amusant : collage, peinture, dessins stylis\u00e9s, et bien plus encore ! Ce stage est un moment de libert\u00e9 pour que chacun puisse se d\u00e9couvrir et s\u2019exprimer autrement, tout en profitant de la dynamique du groupe.<\/p>\n<p><strong>Le programme :<\/strong><\/p>\n<ul>\n<li><strong>Dur\u00e9e :<\/strong> 5 jours complets, de 9h00 \u00e0 16h00 &#8211; possibilit\u00e9 de garderie d\u00e8s 8h30 jusque 16h30.<\/li>\n<li><strong><strong>Lieu : Chez VANJA\u00a0<\/strong><\/strong>\n<div>\u00a0 \u00a0 \u00a0 \u00a0 \u00a0 45 Kleine bosstraat<\/div>\n<div>\u00a0 \u00a0 \u00a0 \u00a0 \u00a01932 Sint-stevens-woluwe<\/div>\n<\/li>\n<li><strong>Pause d\u00e9jeuner :<\/strong> Chacun apporte son pique-nique<\/li>\n<li><strong>Temps de d\u00e9tente :<\/strong> Durant les pauses, vos enfants pourront profiter de la terrasse et du jardin.<\/li>\n<\/ul>\n<p>Vanja est une adulte avec un c\u0153ur d&rsquo;enfant qui sait comment les faire s\u2019\u00e9clater tout en les aidant \u00e0 canaliser leurs \u00e9motions de fa\u00e7on cr\u00e9ative !<\/p>\n","protected":false},"excerpt":{"rendered":"<p><strong>Stage cr\u00e9atif de 5 jours pour les enfants !\u00a0<\/strong><\/p>\n<p>Offrez \u00e0 vos enfants une aventure cr\u00e9ative unique : cinq jours pour s\u2019exprimer librement \u00e0 travers un journal intime innovant. Vanja les guide pour \u00e9crire leurs joies, difficult\u00e9s et pleins d&rsquo;autres \u00e9motions avec des techniques cr\u00e9atives.<\/p>\n<p><strong>De 9h00 \u00e0 16h00 chez VANJA \u00e0 Sint-Stevens-Woluwe\u00a0<\/strong><\/p>\n<ul>\n<li><strong>Lieu : Chez VANJA\u00a0 <\/strong>45 Kleine bosstraat\n<div>1932 Sint-Stevens-\u00a0 Woluwe<\/div>\n<\/li>\n<\/ul>\n<ul>\n<li>Description d\u00e9taill\u00e9e du stage\u00a0 ci-dessous<\/li>\n<\/ul>\n","protected":false},"featured_media":1546,"template":"","meta":[],"product_brand":[],"product_cat":[18],"product_tag":[],"class_list":{"0":"post-1542","1":"product","2":"type-product","3":"status-publish","4":"has-post-thumbnail","6":"product_cat-creakids","8":"first","9":"outofstock","10":"shipping-taxable","11":"purchasable","12":"product-type-simple"},"jetpack_sharing_enabled":true,"_links":{"self":[{"href":"https:\/\/creasens.be\/index.php\/wp-json\/wp\/v2\/product\/1542","targetHints":{"allow":["GET"]}}],"collection":[{"href":"https:\/\/creasens.be\/index.php\/wp-json\/wp\/v2\/product"}],"about":[{"href":"https:\/\/creasens.be\/index.php\/wp-json\/wp\/v2\/types\/product"}],"wp:featuredmedia":[{"embeddable":true,"href":"https:\/\/creasens.be\/index.php\/wp-json\/wp\/v2\/media\/1546"}],"wp:attachment":[{"href":"https:\/\/creasens.be\/index.php\/wp-json\/wp\/v2\/media?parent=1542"}],"wp:term":[{"taxonomy":"product_brand","embeddable":true,"href":"https:\/\/creasens.be\/index.php\/wp-json\/wp\/v2\/product_brand?post=1542"},{"taxonomy":"product_cat","embeddable":true,"href":"https:\/\/creasens.be\/index.php\/wp-json\/wp\/v2\/product_cat?post=1542"},{"taxonomy":"product_tag","embeddable":true,"href":"https:\/\/creasens.be\/index.php\/wp-json\/wp\/v2\/product_tag?post=1542"}],"curies":[{"name":"wp","href":"https:\/\/api.w.org\/{rel}","templated":true}]}}