{"id":1345,"date":"2025-10-23T13:52:01","date_gmt":"2025-10-23T11:52:01","guid":{"rendered":"https:\/\/creasens.be\/?page_id=1345"},"modified":"2026-03-23T10:45:39","modified_gmt":"2026-03-23T09:45:39","slug":"creamax-2","status":"publish","type":"page","link":"https:\/\/creasens.be\/index.php\/creamax-2\/","title":{"rendered":"Cr\u00e9amax"},"content":{"rendered":"\t\t<div data-elementor-type=\"wp-page\" data-elementor-id=\"1345\" class=\"elementor elementor-1345\" data-elementor-post-type=\"page\">\n\t\t\t\t<div class=\"elementor-element elementor-element-44c2213b e-flex e-con-boxed e-con e-parent\" data-id=\"44c2213b\" data-element_type=\"container\">\n\t\t\t\t\t<div class=\"e-con-inner\">\n\t\t\t\t<div class=\"elementor-element elementor-element-54adeba elementor-widget elementor-widget-heading\" data-id=\"54adeba\" data-element_type=\"widget\" data-widget_type=\"heading.default\">\n\t\t\t\t<div class=\"elementor-widget-container\">\n\t\t\t\t\t<h2 class=\"elementor-heading-title elementor-size-default\">CR\u00c9AMAX <\/h2>\t\t\t\t<\/div>\n\t\t\t\t<\/div>\n\t\t\t\t<div class=\"elementor-element elementor-element-8c1902a elementor-headline--style-highlight elementor-widget elementor-widget-animated-headline\" data-id=\"8c1902a\" data-element_type=\"widget\" data-settings=\"{&quot;marker&quot;:&quot;double&quot;,&quot;highlighted_text&quot;:&quot;20 KM de Bruxelles &quot;,&quot;headline_style&quot;:&quot;highlight&quot;,&quot;loop&quot;:&quot;yes&quot;,&quot;highlight_animation_duration&quot;:1200,&quot;highlight_iteration_delay&quot;:8000}\" data-widget_type=\"animated-headline.default\">\n\t\t\t\t<div class=\"elementor-widget-container\">\n\t\t\t\t\t\t\t<h3 class=\"elementor-headline\">\n\t\t\t\t\t<span class=\"elementor-headline-plain-text elementor-headline-text-wrapper\">Cr\u00e9amax participe aux<\/span>\n\t\t\t\t<span class=\"elementor-headline-dynamic-wrapper elementor-headline-text-wrapper\">\n\t\t\t\t\t<span class=\"elementor-headline-dynamic-text elementor-headline-text-active\">20 KM de Bruxelles <\/span>\n\t\t\t\t<\/span>\n\t\t\t\t<\/h3>\n\t\t\t\t\t\t<\/div>\n\t\t\t\t<\/div>\n\t\t<div class=\"elementor-element elementor-element-9dd7d16 e-grid e-con-full e-con e-child\" data-id=\"9dd7d16\" data-element_type=\"container\">\n\t\t\t\t<div class=\"elementor-element elementor-element-ac0947a elementor-widget elementor-widget-image\" data-id=\"ac0947a\" data-element_type=\"widget\" data-widget_type=\"image.default\">\n\t\t\t\t<div class=\"elementor-widget-container\">\n\t\t\t\t\t\t\t\t\t\t\t\t\t\t\t<img fetchpriority=\"high\" decoding=\"async\" width=\"724\" height=\"1024\" src=\"https:\/\/creasens.be\/wp-content\/uploads\/2026\/01\/20km-creamax-724x1024.png\" class=\"attachment-large size-large wp-image-1628\" alt=\"\" srcset=\"https:\/\/creasens.be\/wp-content\/uploads\/2026\/01\/20km-creamax-724x1024.png 724w, https:\/\/creasens.be\/wp-content\/uploads\/2026\/01\/20km-creamax-212x300.png 212w, https:\/\/creasens.be\/wp-content\/uploads\/2026\/01\/20km-creamax-768x1086.png 768w, https:\/\/creasens.be\/wp-content\/uploads\/2026\/01\/20km-creamax-1086x1536.png 1086w, https:\/\/creasens.be\/wp-content\/uploads\/2026\/01\/20km-creamax-1320x1867.png 1320w, https:\/\/creasens.be\/wp-content\/uploads\/2026\/01\/20km-creamax-600x849.png 600w, https:\/\/creasens.be\/wp-content\/uploads\/2026\/01\/20km-creamax.png 1414w\" sizes=\"(max-width: 724px) 100vw, 724px\" \/>\t\t\t\t\t\t\t\t\t\t\t\t\t\t\t<\/div>\n\t\t\t\t<\/div>\n\t\t\t\t<div class=\"elementor-element elementor-element-b690fbc elementor-widget elementor-widget-text-editor\" data-id=\"b690fbc\" data-element_type=\"widget\" data-widget_type=\"text-editor.default\">\n\t\t\t\t<div class=\"elementor-widget-container\">\n\t\t\t\t\t\t\t\t\t<p><strong>80 dossards sont disponibles pour courir ou marcher les 20 km de Bruxelles avec Cr\u00e9amax !<\/strong><\/p><p>Ils sont partis vite &#8211; tr\u00e8s vite !\u00a0 MERCI<\/p><p>Max Jump ASBL et le projet CR\u00c9AC\u0152UR visent aussi haut, tr\u00e8s haut, pour une cagnotte qui s\u00e8me joie, cr\u00e9ativit\u00e9 et espoir aupr\u00e8s des enfants hospitalis\u00e9s. Aidez-nous \u00e0 faire exploser la cagnotte des 20 km de Bruxelles !<\/p><p>Parrainez celles et ceux qui courent, soutenez les b\u00e9n\u00e9voles de Cr\u00e9acoeur sponsorisez le mat\u00e9riel cr\u00e9atif d\u00e9pos\u00e9 dans les h\u00f4pitaux et tous les autres projets bien-\u00eatre soutenus par Max Jump ASBL.<\/p><p>\ud83d\udc49 Cagnotte des 20km pour l\u2019\u00e9quipe Cr\u00e9amax<\/p><p><a href=\"https:\/\/creasens.be\/index.php\/creacoeur\/\">Si vous d\u00e9sirez une attestation fiscale voici les infos <\/a><\/p><p>Nos deux ASBL ont une ambition commune : faire rayonner la vie, l\u2019\u00e9motion et la cr\u00e9ativit\u00e9, l\u00e0 o\u00f9 elles sont le plus n\u00e9cessaires. Partagez cette cagnotte. Offrez votre souffle, votre soutien, votre c\u0153ur.<\/p><p>Pour un max de vie,<br \/><strong>Vinciane et Ludovic Elens &#8211; Bronne <\/strong><br \/><strong>Aline et Philippe Lecart &#8211; Fierens<\/strong><br \/><strong>Alice et Maxime Aubrays &#8211; Douteau<\/strong><\/p>\t\t\t\t\t\t\t\t<\/div>\n\t\t\t\t<\/div>\n\t\t\t\t<\/div>\n\t\t\t\t\t<\/div>\n\t\t\t\t<\/div>\n\t\t<div class=\"elementor-element elementor-element-70dc245a e-flex e-con-boxed e-con e-parent\" data-id=\"70dc245a\" data-element_type=\"container\">\n\t\t\t\t\t<div class=\"e-con-inner\">\n\t\t<div class=\"elementor-element elementor-element-5abd3a16 e-con-full e-flex e-con e-child\" data-id=\"5abd3a16\" data-element_type=\"container\">\n\t\t\t\t<div class=\"elementor-element elementor-element-42dccab elementor-widget elementor-widget-text-editor\" data-id=\"42dccab\" data-element_type=\"widget\" data-widget_type=\"text-editor.default\">\n\t\t\t\t<div class=\"elementor-widget-container\">\n\t\t\t\t\t\t\t\t\t<h3 data-start=\"380\" data-end=\"428\"><strong data-start=\"384\" data-end=\"428\">Ensemble, on saute plus haut !<\/strong><\/h3><p data-start=\"430\" data-end=\"629\"><strong data-start=\"430\" data-end=\"441\">Cr\u00e9aMax<\/strong>, c\u2019est une belle aventure humaine n\u00e9e de la rencontre entre <strong data-start=\"502\" data-end=\"518\">MaxJump ASBL<\/strong> et le projet <strong data-start=\"522\" data-end=\"534\">Cr\u00e9ac\u0153ur<\/strong>.<br data-start=\"535\" data-end=\"538\" \/>Deux univers diff\u00e9rents, mais port\u00e9s par la m\u00eame \u00e9nergie : <strong data-start=\"597\" data-end=\"629\">le c\u0153ur, le sens et l\u2019\u00e9lan !<\/strong><\/p><p data-start=\"631\" data-end=\"870\">Cette <strong data-start=\"637\" data-end=\"671\">team d\u2019\u00e9v\u00e9nement et de soutien<\/strong>, c\u2019est notre moteur collectif.<br data-start=\"702\" data-end=\"705\" \/>C\u2019est la <strong data-start=\"714\" data-end=\"741\">team qui voit plus loin<\/strong>, celle qui croit qu\u2019en unissant nos talents, nos id\u00e9es et nos valeurs, on peut soulever des montagnes et\u2026 <strong data-start=\"848\" data-end=\"870\">jumper plus haut !<\/strong><\/p><h3 data-start=\"872\" data-end=\"913\">Une collaboration porteuse de sens<\/h3><p data-start=\"915\" data-end=\"931\">Cr\u00e9aMax, c\u2019est :<\/p><ul data-start=\"932\" data-end=\"1269\"><li data-start=\"932\" data-end=\"1051\"><p data-start=\"934\" data-end=\"1051\">Une <strong data-start=\"938\" data-end=\"983\">\u00e9quipe d\u2019amis, de b\u00e9n\u00e9voles et de r\u00eaveurs<\/strong> qui s\u2019engagent ensemble pour donner vie \u00e0 des projets solidaires.<\/p><\/li><li data-start=\"1052\" data-end=\"1175\"><p data-start=\"1054\" data-end=\"1175\">Des <strong data-start=\"1058\" data-end=\"1079\">actions concr\u00e8tes<\/strong> : ventes solidaires, \u00e9v\u00e9nements, relais et moments festifs pour r\u00e9colter des fonds.<\/p><\/li><li data-start=\"1176\" data-end=\"1269\"><p data-start=\"1178\" data-end=\"1269\">Une <strong data-start=\"1182\" data-end=\"1213\">\u00e9nergie joyeuse et cr\u00e9ative<\/strong>, o\u00f9 chacun trouve sa place et contribue \u00e0 sa mani\u00e8re.<\/p><\/li><\/ul><p data-start=\"1271\" data-end=\"1414\">Chaque euro r\u00e9colt\u00e9, chaque sourire partag\u00e9, chaque initiative compte.<br data-start=\"1341\" data-end=\"1344\" \/>Avec Cr\u00e9aMax, on transforme les petits gestes en grands \u00e9lans de c\u0153ur.<\/p><h3 data-start=\"1416\" data-end=\"1435\">Notre mission<\/h3><p data-start=\"1650\" data-end=\"1758\">Organiser des <strong data-start=\"1664\" data-end=\"1689\">\u00e9v\u00e9nements collectifs<\/strong> qui rassemblent autour du mouvement, du partage et de la Vie.<\/p><h3 data-start=\"1416\" data-end=\"1435\">Nos events :<\/h3><ul><li data-start=\"1650\" data-end=\"1758\">Relais pour la Vie de la Fondation contre le Cancer\u00a0<\/li><li data-start=\"1650\" data-end=\"1758\">Les 20 Km de Bruxelles 2026<\/li><li data-start=\"1650\" data-end=\"1758\">&#8230;<\/li><\/ul>\t\t\t\t\t\t\t\t<\/div>\n\t\t\t\t<\/div>\n\t\t\t\t<\/div>\n\t\t<div class=\"elementor-element elementor-element-6d9b5f84 e-con-full e-flex e-con e-child\" data-id=\"6d9b5f84\" data-element_type=\"container\">\n\t\t\t\t<div class=\"elementor-element elementor-element-19f94f0 elementor-widget elementor-widget-image\" data-id=\"19f94f0\" data-element_type=\"widget\" data-widget_type=\"image.default\">\n\t\t\t\t<div class=\"elementor-widget-container\">\n\t\t\t\t\t\t\t\t\t\t\t\t\t\t\t<img decoding=\"async\" width=\"800\" height=\"638\" src=\"https:\/\/creasens.be\/wp-content\/uploads\/2025\/10\/WhatsApp-Image-2025-10-23-a-13.57.25_0f2c803b-1024x817.jpg\" class=\"attachment-large size-large wp-image-1347\" alt=\"\" srcset=\"https:\/\/creasens.be\/wp-content\/uploads\/2025\/10\/WhatsApp-Image-2025-10-23-a-13.57.25_0f2c803b-1024x817.jpg 1024w, https:\/\/creasens.be\/wp-content\/uploads\/2025\/10\/WhatsApp-Image-2025-10-23-a-13.57.25_0f2c803b-300x239.jpg 300w, https:\/\/creasens.be\/wp-content\/uploads\/2025\/10\/WhatsApp-Image-2025-10-23-a-13.57.25_0f2c803b-768x612.jpg 768w, https:\/\/creasens.be\/wp-content\/uploads\/2025\/10\/WhatsApp-Image-2025-10-23-a-13.57.25_0f2c803b-1536x1225.jpg 1536w, https:\/\/creasens.be\/wp-content\/uploads\/2025\/10\/WhatsApp-Image-2025-10-23-a-13.57.25_0f2c803b-1320x1053.jpg 1320w, https:\/\/creasens.be\/wp-content\/uploads\/2025\/10\/WhatsApp-Image-2025-10-23-a-13.57.25_0f2c803b-600x479.jpg 600w, https:\/\/creasens.be\/wp-content\/uploads\/2025\/10\/WhatsApp-Image-2025-10-23-a-13.57.25_0f2c803b.jpg 1600w\" sizes=\"(max-width: 800px) 100vw, 800px\" \/>\t\t\t\t\t\t\t\t\t\t\t\t\t\t\t<\/div>\n\t\t\t\t<\/div>\n\t\t\t\t<div class=\"elementor-element elementor-element-f1c40a6 elementor-widget elementor-widget-image\" data-id=\"f1c40a6\" data-element_type=\"widget\" data-widget_type=\"image.default\">\n\t\t\t\t<div class=\"elementor-widget-container\">\n\t\t\t\t\t\t\t\t\t\t\t\t\t\t\t<img decoding=\"async\" width=\"800\" height=\"800\" src=\"https:\/\/creasens.be\/wp-content\/uploads\/2025\/10\/creamax-1024x1024.jpg\" class=\"attachment-large size-large wp-image-1351\" alt=\"\" srcset=\"https:\/\/creasens.be\/wp-content\/uploads\/2025\/10\/creamax-1024x1024.jpg 1024w, https:\/\/creasens.be\/wp-content\/uploads\/2025\/10\/creamax-300x300.jpg 300w, https:\/\/creasens.be\/wp-content\/uploads\/2025\/10\/creamax-150x150.jpg 150w, https:\/\/creasens.be\/wp-content\/uploads\/2025\/10\/creamax-768x768.jpg 768w, https:\/\/creasens.be\/wp-content\/uploads\/2025\/10\/creamax-1536x1536.jpg 1536w, https:\/\/creasens.be\/wp-content\/uploads\/2025\/10\/creamax-2048x2048.jpg 2048w, https:\/\/creasens.be\/wp-content\/uploads\/2025\/10\/creamax-1320x1320.jpg 1320w, https:\/\/creasens.be\/wp-content\/uploads\/2025\/10\/creamax-600x600.jpg 600w, https:\/\/creasens.be\/wp-content\/uploads\/2025\/10\/creamax-100x100.jpg 100w\" sizes=\"(max-width: 800px) 100vw, 800px\" \/>\t\t\t\t\t\t\t\t\t\t\t\t\t\t\t<\/div>\n\t\t\t\t<\/div>\n\t\t\t\t<\/div>\n\t\t\t\t\t<\/div>\n\t\t\t\t<\/div>\n\t\t<div class=\"elementor-element elementor-element-7157bd74 e-flex e-con-boxed e-con e-parent\" data-id=\"7157bd74\" data-element_type=\"container\">\n\t\t\t\t\t<div class=\"e-con-inner\">\n\t\t\t\t<div class=\"elementor-element elementor-element-70d89276 elementor-headline--style-highlight elementor-widget elementor-widget-animated-headline\" data-id=\"70d89276\" data-element_type=\"widget\" data-settings=\"{&quot;highlighted_text&quot;:&quot;MERCI&quot;,&quot;headline_style&quot;:&quot;highlight&quot;,&quot;marker&quot;:&quot;circle&quot;,&quot;loop&quot;:&quot;yes&quot;,&quot;highlight_animation_duration&quot;:1200,&quot;highlight_iteration_delay&quot;:8000}\" data-widget_type=\"animated-headline.default\">\n\t\t\t\t<div class=\"elementor-widget-container\">\n\t\t\t\t\t\t\t<h3 class=\"elementor-headline\">\n\t\t\t\t\t<span class=\"elementor-headline-plain-text elementor-headline-text-wrapper\">Un grand<\/span>\n\t\t\t\t<span class=\"elementor-headline-dynamic-wrapper elementor-headline-text-wrapper\">\n\t\t\t\t\t<span class=\"elementor-headline-dynamic-text elementor-headline-text-active\">MERCI<\/span>\n\t\t\t\t<\/span>\n\t\t\t\t\t<span class=\"elementor-headline-plain-text elementor-headline-text-wrapper\">de croire en ce projet<\/span>\n\t\t\t\t\t<\/h3>\n\t\t\t\t\t\t<\/div>\n\t\t\t\t<\/div>\n\t\t\t\t\t<\/div>\n\t\t\t\t<\/div>\n\t\t\t\t<\/div>\n\t\t","protected":false},"excerpt":{"rendered":"<p>CR\u00c9AMAX Cr\u00e9amax participe aux 20 KM de Bruxelles 80 dossards sont disponibles pour courir ou marcher les 20 km de Bruxelles avec Cr\u00e9amax ! Ils sont partis vite &#8211; tr\u00e8s vite !\u00a0 MERCI Max Jump ASBL et le projet CR\u00c9AC\u0152UR visent aussi haut, tr\u00e8s haut, pour une cagnotte qui s\u00e8me joie, cr\u00e9ativit\u00e9 et espoir aupr\u00e8s [&hellip;]<\/p>\n","protected":false},"author":1,"featured_media":0,"parent":0,"menu_order":0,"comment_status":"closed","ping_status":"closed","template":"elementor_header_footer","meta":{"footnotes":""},"class_list":["post-1345","page","type-page","status-publish","hentry"],"jetpack_sharing_enabled":true,"_links":{"self":[{"href":"https:\/\/creasens.be\/index.php\/wp-json\/wp\/v2\/pages\/1345","targetHints":{"allow":["GET"]}}],"collection":[{"href":"https:\/\/creasens.be\/index.php\/wp-json\/wp\/v2\/pages"}],"about":[{"href":"https:\/\/creasens.be\/index.php\/wp-json\/wp\/v2\/types\/page"}],"author":[{"embeddable":true,"href":"https:\/\/creasens.be\/index.php\/wp-json\/wp\/v2\/users\/1"}],"replies":[{"embeddable":true,"href":"https:\/\/creasens.be\/index.php\/wp-json\/wp\/v2\/comments?post=1345"}],"version-history":[{"count":22,"href":"https:\/\/creasens.be\/index.php\/wp-json\/wp\/v2\/pages\/1345\/revisions"}],"predecessor-version":[{"id":1831,"href":"https:\/\/creasens.be\/index.php\/wp-json\/wp\/v2\/pages\/1345\/revisions\/1831"}],"wp:attachment":[{"href":"https:\/\/creasens.be\/index.php\/wp-json\/wp\/v2\/media?parent=1345"}],"curies":[{"name":"wp","href":"https:\/\/api.w.org\/{rel}","templated":true}]}}